{"id":6965,"date":"2025-11-21T13:44:33","date_gmt":"2025-11-21T18:44:33","guid":{"rendered":"https:\/\/www.acluofnorthcarolina.org\/dar-el-martes-2025\/"},"modified":"2025-12-16T11:43:32","modified_gmt":"2025-12-16T16:43:32","slug":"dar-el-martes-2025","status":"publish","type":"page","link":"https:\/\/www.acluofnorthcarolina.org\/es\/dar-el-martes-2025\/","title":{"rendered":"Dar el Martes 2025"},"content":{"rendered":"","protected":false},"excerpt":{"rendered":"<p>Para el Martes de Acci\u00f3n Solidaria, destacamos algunas de nuestras organizaciones asociadas que trabajan por una Carolina del Norte mejor y a las que les vendr\u00eda bien tu apoyo.<\/p>\n","protected":false},"author":9,"featured_media":6391,"parent":0,"menu_order":0,"comment_status":"closed","ping_status":"closed","template":"","meta":{"_acf_changed":false,"_relevanssi_hide_post":"","_relevanssi_hide_content":"","_relevanssi_pin_for_all":"","_relevanssi_pin_keywords":"","_relevanssi_unpin_keywords":"","_relevanssi_related_keywords":"","_relevanssi_related_include_ids":"","_relevanssi_related_exclude_ids":"","_relevanssi_related_no_append":"","_relevanssi_related_not_related":"","_relevanssi_related_posts":"","_relevanssi_noindex_reason":"","footnotes":""},"class_list":["post-6965","page","type-page","status-publish","has-post-thumbnail","hentry"],"acf":{"layout":"default","header-group":{"header-description":"Para el Martes de Acci\u00f3n Solidaria, destacamos algunas de nuestras organizaciones asociadas que trabajan por una Carolina del Norte mejor y a las que les vendr\u00eda bien tu apoyo.","show-subnav":false,"hide-from-subnav":false},"components":[{"acf_fc_layout":"heading","heading":{"":null,"text":"Red de Migrantes de Carolina","anchor":"","sub-heading":"La misi\u00f3n principal de la Red de Inmigrantes de Carolina (CMN) es prestar servicios jur\u00eddicos a personas en proceso de expulsi\u00f3n. Proporcionamos educaci\u00f3n jur\u00eddica sobre el Sistema de Inmigraci\u00f3n de EEUU y capacitamos a las comunidades de inmigrantes para que participen en la vida cotidiana y c\u00edvica. Imaginamos un mundo de comunidades empoderadas, autodeterminadas y organizadas, libres del miedo a la separaci\u00f3n familiar.","type":"h2","heading-style":"standard"}},{"acf_fc_layout":"buttons","buttons":{"primary":{"text":"DONA A LA RED DE INMIGRANTES DE CAROLINA","link":"https:\/\/secure.actblue.com\/donate\/carolinamigrant?fbclid=IwAR3saRcEGTcX--UmtxGFLSbIZGXMPV5oUp325Z-MPdeDXwpXE42vbKkFOS4"},"secondary":{"text":"","link":""}}},{"acf_fc_layout":"heading","heading":{"":null,"text":"Casa Azul de Wilson","anchor":"","sub-heading":"La Casa Azul de Wilson proporciona una base para que las familias latinas del este de Carolina del Norte se sientan valoradas, de modo que puedan ser due\u00f1as de su poder y ascender en sus aspiraciones educativas, de liderazgo y c\u00edvicas. Construimos comunidad mediante actos, programas y campa\u00f1as de afirmaci\u00f3n cultural que nos permiten celebrar nuestras complejas y diversas identidades.","type":"h2","heading-style":"standard"}},{"acf_fc_layout":"buttons","buttons":{"primary":{"text":"DONA A CASA AZUL DE WILSON","link":"https:\/\/donorbox.org\/casa-azul-de-wilson"},"secondary":{"text":"","link":""}}},{"acf_fc_layout":"heading","heading":{"":null,"text":"Coalici\u00f3n de Carolina del Norte por Alternativas a la Pena de Muerte","anchor":"","sub-heading":"La Coalici\u00f3n de Carolina del Norte por Alternativas a la Pena de Muerte es una coalici\u00f3n estatal de organizaciones miembros y personas comprometidas con el fin de la pena de muerte y la creaci\u00f3n de una nueva visi\u00f3n de la justicia. Nos dedicamos a una amplia reforma jur\u00eddica penal basada en la justicia reparadora. Trabajamos con los legisladores, las comunidades y el p\u00fablico y los educamos sobre el sistema racista, injusto e ineficaz de la pena de muerte.","type":"h2","heading-style":"standard"}},{"acf_fc_layout":"buttons","buttons":{"primary":{"text":"DONA A NCCADP","link":"https:\/\/nccadp.org\/donate\/"},"secondary":{"text":"","link":""}}},{"acf_fc_layout":"heading","heading":{"":null,"text":"Alianza por la Justicia en la Educaci\u00f3n","anchor":"","sub-heading":"La misi\u00f3n de EJA es desmantelar los conductos que conducen de la escuela a la c\u00e1rcel y de la escuela a la deportaci\u00f3n, eliminar la criminalizaci\u00f3n de los estudiantes negros, marrones, LGBTQ+ y discapacitados y garantizar la igualdad educativa para todos los estudiantes del sistema escolar p\u00fablico.","type":"h2","heading-style":"standard"}},{"acf_fc_layout":"buttons","buttons":{"primary":{"text":"DONA A LA ALIANZA POR LA JUSTICIA EN LA EDUCACI\u00d3N","link":"https:\/\/ejanc.org\/donate\/"},"secondary":{"text":"","link":""}}}],"section":null,"issues":null,"related_content":null,"documents":null},"yoast_head":"<!-- This site is optimized with the Yoast SEO plugin v24.9 - https:\/\/yoast.com\/wordpress\/plugins\/seo\/ -->\n<title>Dar el Martes 2025 - ACLU of North Carolina<\/title>\n<meta name=\"robots\" content=\"index, follow, max-snippet:-1, max-image-preview:large, max-video-preview:-1\" \/>\n<link rel=\"canonical\" href=\"http:\/\/www.acluofnorthcarolina.org\/es\/dar-el-martes-2025\/\" \/>\n<meta property=\"og:locale\" content=\"es_ES\" \/>\n<meta property=\"og:type\" content=\"article\" \/>\n<meta property=\"og:title\" content=\"Dar el Martes 2025 - ACLU of North Carolina\" \/>\n<meta property=\"og:description\" content=\"Para el Martes de Acci\u00f3n Solidaria, destacamos algunas de nuestras organizaciones asociadas que trabajan por una Carolina del Norte mejor y a las que les vendr\u00eda bien tu apoyo.\" \/>\n<meta property=\"og:url\" content=\"https:\/\/www.acluofnorthcarolina.org\/es\/dar-el-martes-2025\/\" \/>\n<meta property=\"og:site_name\" content=\"ACLU of North Carolina\" \/>\n<meta property=\"article:modified_time\" content=\"2025-12-16T16:43:32+00:00\" \/>\n<meta property=\"og:image\" content=\"http:\/\/www.acluofnorthcarolina.org\/app\/uploads\/2016\/10\/Immigrants-Rights-1536x768-1.jpg\" \/>\n\t<meta property=\"og:image:width\" content=\"1536\" \/>\n\t<meta property=\"og:image:height\" content=\"768\" \/>\n\t<meta property=\"og:image:type\" content=\"image\/jpeg\" \/>\n<meta name=\"twitter:card\" content=\"summary_large_image\" \/>\n<script type=\"application\/ld+json\" class=\"yoast-schema-graph\">{\"@context\":\"https:\/\/schema.org\",\"@graph\":[{\"@type\":\"WebPage\",\"@id\":\"http:\/\/www.acluofnorthcarolina.org\/es\/dar-el-martes-2025\/\",\"url\":\"http:\/\/www.acluofnorthcarolina.org\/es\/dar-el-martes-2025\/\",\"name\":\"Dar el Martes 2025 - ACLU of North Carolina\",\"isPartOf\":{\"@id\":\"https:\/\/www.acluofnorthcarolina.org\/#website\"},\"primaryImageOfPage\":{\"@id\":\"http:\/\/www.acluofnorthcarolina.org\/es\/dar-el-martes-2025\/#primaryimage\"},\"image\":{\"@id\":\"http:\/\/www.acluofnorthcarolina.org\/es\/dar-el-martes-2025\/#primaryimage\"},\"thumbnailUrl\":\"https:\/\/www.acluofnorthcarolina.org\/app\/uploads\/2016\/10\/Immigrants-Rights-1536x768-1.jpg\",\"datePublished\":\"2025-11-21T18:44:33+00:00\",\"dateModified\":\"2025-12-16T16:43:32+00:00\",\"inLanguage\":\"es-ES\",\"potentialAction\":[{\"@type\":\"ReadAction\",\"target\":[\"http:\/\/www.acluofnorthcarolina.org\/es\/dar-el-martes-2025\/\"]}]},{\"@type\":\"ImageObject\",\"inLanguage\":\"es-ES\",\"@id\":\"http:\/\/www.acluofnorthcarolina.org\/es\/dar-el-martes-2025\/#primaryimage\",\"url\":\"https:\/\/www.acluofnorthcarolina.org\/app\/uploads\/2016\/10\/Immigrants-Rights-1536x768-1.jpg\",\"contentUrl\":\"https:\/\/www.acluofnorthcarolina.org\/app\/uploads\/2016\/10\/Immigrants-Rights-1536x768-1.jpg\",\"width\":1536,\"height\":768,\"caption\":\"A photo collage featuring\"},{\"@type\":\"WebSite\",\"@id\":\"https:\/\/www.acluofnorthcarolina.org\/#website\",\"url\":\"https:\/\/www.acluofnorthcarolina.org\/\",\"name\":\"ACLU of North Carolina\",\"description\":\"\",\"publisher\":{\"@id\":\"https:\/\/www.acluofnorthcarolina.org\/#organization\"},\"potentialAction\":[{\"@type\":\"SearchAction\",\"target\":{\"@type\":\"EntryPoint\",\"urlTemplate\":\"https:\/\/www.acluofnorthcarolina.org\/?s={search_term_string}\"},\"query-input\":{\"@type\":\"PropertyValueSpecification\",\"valueRequired\":true,\"valueName\":\"search_term_string\"}}],\"inLanguage\":\"es-ES\"},{\"@type\":\"Organization\",\"@id\":\"https:\/\/www.acluofnorthcarolina.org\/#organization\",\"name\":\"ACLU of North Carolina\",\"url\":\"https:\/\/www.acluofnorthcarolina.org\/\",\"logo\":{\"@type\":\"ImageObject\",\"inLanguage\":\"es-ES\",\"@id\":\"https:\/\/www.acluofnorthcarolina.org\/#\/schema\/logo\/image\/\",\"url\":\"https:\/\/www.acluofnorthcarolina.org\/app\/uploads\/2025\/08\/ACLU-NorthCarolina_Color-Logo_RGB.png\",\"contentUrl\":\"https:\/\/www.acluofnorthcarolina.org\/app\/uploads\/2025\/08\/ACLU-NorthCarolina_Color-Logo_RGB.png\",\"width\":1061,\"height\":575,\"caption\":\"ACLU of North Carolina\"},\"image\":{\"@id\":\"https:\/\/www.acluofnorthcarolina.org\/#\/schema\/logo\/image\/\"}}]}<\/script>\n<!-- \/ Yoast SEO plugin. -->","yoast_head_json":{"title":"Dar el Martes 2025 - ACLU of North Carolina","robots":{"index":"index","follow":"follow","max-snippet":"max-snippet:-1","max-image-preview":"max-image-preview:large","max-video-preview":"max-video-preview:-1"},"canonical":"http:\/\/www.acluofnorthcarolina.org\/es\/dar-el-martes-2025\/","og_locale":"es_ES","og_type":"article","og_title":"Dar el Martes 2025 - ACLU of North Carolina","og_description":"Para el Martes de Acci\u00f3n Solidaria, destacamos algunas de nuestras organizaciones asociadas que trabajan por una Carolina del Norte mejor y a las que les vendr\u00eda bien tu apoyo.","og_url":"https:\/\/www.acluofnorthcarolina.org\/es\/dar-el-martes-2025\/","og_site_name":"ACLU of North Carolina","article_modified_time":"2025-12-16T16:43:32+00:00","og_image":[{"width":1536,"height":768,"url":"http:\/\/www.acluofnorthcarolina.org\/app\/uploads\/2016\/10\/Immigrants-Rights-1536x768-1.jpg","type":"image\/jpeg"}],"twitter_card":"summary_large_image","schema":{"@context":"https:\/\/schema.org","@graph":[{"@type":"WebPage","@id":"http:\/\/www.acluofnorthcarolina.org\/es\/dar-el-martes-2025\/","url":"http:\/\/www.acluofnorthcarolina.org\/es\/dar-el-martes-2025\/","name":"Dar el Martes 2025 - ACLU of North Carolina","isPartOf":{"@id":"https:\/\/www.acluofnorthcarolina.org\/#website"},"primaryImageOfPage":{"@id":"http:\/\/www.acluofnorthcarolina.org\/es\/dar-el-martes-2025\/#primaryimage"},"image":{"@id":"http:\/\/www.acluofnorthcarolina.org\/es\/dar-el-martes-2025\/#primaryimage"},"thumbnailUrl":"https:\/\/www.acluofnorthcarolina.org\/app\/uploads\/2016\/10\/Immigrants-Rights-1536x768-1.jpg","datePublished":"2025-11-21T18:44:33+00:00","dateModified":"2025-12-16T16:43:32+00:00","inLanguage":"es-ES","potentialAction":[{"@type":"ReadAction","target":["http:\/\/www.acluofnorthcarolina.org\/es\/dar-el-martes-2025\/"]}]},{"@type":"ImageObject","inLanguage":"es-ES","@id":"http:\/\/www.acluofnorthcarolina.org\/es\/dar-el-martes-2025\/#primaryimage","url":"https:\/\/www.acluofnorthcarolina.org\/app\/uploads\/2016\/10\/Immigrants-Rights-1536x768-1.jpg","contentUrl":"https:\/\/www.acluofnorthcarolina.org\/app\/uploads\/2016\/10\/Immigrants-Rights-1536x768-1.jpg","width":1536,"height":768,"caption":"A photo collage featuring"},{"@type":"WebSite","@id":"https:\/\/www.acluofnorthcarolina.org\/#website","url":"https:\/\/www.acluofnorthcarolina.org\/","name":"ACLU of North Carolina","description":"","publisher":{"@id":"https:\/\/www.acluofnorthcarolina.org\/#organization"},"potentialAction":[{"@type":"SearchAction","target":{"@type":"EntryPoint","urlTemplate":"https:\/\/www.acluofnorthcarolina.org\/?s={search_term_string}"},"query-input":{"@type":"PropertyValueSpecification","valueRequired":true,"valueName":"search_term_string"}}],"inLanguage":"es-ES"},{"@type":"Organization","@id":"https:\/\/www.acluofnorthcarolina.org\/#organization","name":"ACLU of North Carolina","url":"https:\/\/www.acluofnorthcarolina.org\/","logo":{"@type":"ImageObject","inLanguage":"es-ES","@id":"https:\/\/www.acluofnorthcarolina.org\/#\/schema\/logo\/image\/","url":"https:\/\/www.acluofnorthcarolina.org\/app\/uploads\/2025\/08\/ACLU-NorthCarolina_Color-Logo_RGB.png","contentUrl":"https:\/\/www.acluofnorthcarolina.org\/app\/uploads\/2025\/08\/ACLU-NorthCarolina_Color-Logo_RGB.png","width":1061,"height":575,"caption":"ACLU of North Carolina"},"image":{"@id":"https:\/\/www.acluofnorthcarolina.org\/#\/schema\/logo\/image\/"}}]}},"distributor_meta":false,"distributor_terms":false,"distributor_media":false,"distributor_original_site_name":"ACLU of North Carolina","distributor_original_site_url":"https:\/\/www.acluofnorthcarolina.org\/es\/","push-errors":false,"_links":{"self":[{"href":"https:\/\/www.acluofnorthcarolina.org\/es\/wp-json\/wp\/v2\/pages\/6965","targetHints":{"allow":["GET"]}}],"collection":[{"href":"https:\/\/www.acluofnorthcarolina.org\/es\/wp-json\/wp\/v2\/pages"}],"about":[{"href":"https:\/\/www.acluofnorthcarolina.org\/es\/wp-json\/wp\/v2\/types\/page"}],"author":[{"embeddable":true,"href":"https:\/\/www.acluofnorthcarolina.org\/es\/wp-json\/wp\/v2\/users\/9"}],"replies":[{"embeddable":true,"href":"https:\/\/www.acluofnorthcarolina.org\/es\/wp-json\/wp\/v2\/comments?post=6965"}],"version-history":[{"count":1,"href":"https:\/\/www.acluofnorthcarolina.org\/es\/wp-json\/wp\/v2\/pages\/6965\/revisions"}],"predecessor-version":[{"id":6974,"href":"https:\/\/www.acluofnorthcarolina.org\/es\/wp-json\/wp\/v2\/pages\/6965\/revisions\/6974"}],"wp:featuredmedia":[{"embeddable":true,"href":"https:\/\/www.acluofnorthcarolina.org\/es\/wp-json\/wp\/v2\/media\/6391"}],"wp:attachment":[{"href":"https:\/\/www.acluofnorthcarolina.org\/es\/wp-json\/wp\/v2\/media?parent=6965"}],"curies":[{"name":"wp","href":"https:\/\/api.w.org\/{rel}","templated":true}]}}